{"id":547,"date":"2010-11-07T22:30:46","date_gmt":"2010-11-07T20:30:46","guid":{"rendered":"http:\/\/eltrenillo.org\/?page_id=547"},"modified":"2018-04-28T20:46:14","modified_gmt":"2018-04-28T18:46:14","slug":"descripcion-de-la-linea","status":"publish","type":"page","link":"https:\/\/www.eltrenillo.com\/?page_id=547","title":{"rendered":"Descripci\u00f3n de la l\u00ednea."},"content":{"rendered":"<p>DESCRIPCION DE LA LINEA VALDEPE\u00d1AS-PUERTOLLANO.<\/p>\n<p>Agradecimientos a Pedro Pintado Quintana por los dibujos, prohibida su reproducci\u00f3n.<\/p>\n<p>Destaca en la misma la sencillez de sus instalaciones, donde ya ,su peculiar ancho de v\u00eda de s\u00f3lo 75cm, es un ejemplo patente.<br \/>\nTambi\u00e9n carec\u00eda de, dada su modesta construcci\u00f3n , carec\u00eda de se\u00f1alizaci\u00f3n mec\u00e1nica espec\u00edfica, as\u00ed como de enclavamiento alguno.<br \/>\nTodas las se\u00f1ales y operaciones de hac\u00edan a mano-<\/p>\n<p><img decoding=\"async\" src=\"http:\/\/eltrenillo.ORG\/IMAGES\/descriplinea\/estacion_val_trenillo.jpg\" alt=\"\" \/><\/p>\n<p><img decoding=\"async\" src=\"http:\/\/eltrenillo.ORG\/images\/descriplinea\/estacion01.jpg\" alt=\"\" \/><\/p>\n<p><img decoding=\"async\" src=\"http:\/\/eltrenillo.ORG\/images\/descriplinea\/moral.jpg\" alt=\"\" \/><\/p>\n<p><img decoding=\"async\" src=\"http:\/\/eltrenillo.ORG\/images\/descriplinea\/estacion02.jpg\" alt=\"\" \/><\/p>\n<p><img decoding=\"async\" src=\"http:\/\/eltrenillo.ORG\/images\/descriplinea\/estacion03.jpg\" alt=\"\" \/><\/p>\n<p><img decoding=\"async\" src=\"http:\/\/eltrenillo.ORG\/images\/descriplinea\/estacion04.jpg\" alt=\"\" \/><\/p>\n<p><img decoding=\"async\" src=\"http:\/\/eltrenillo.ORG\/images\/descriplinea\/estacion05.jpg\" alt=\"\" \/><\/p>\n<p><img decoding=\"async\" src=\"http:\/\/eltrenillo.ORG\/images\/descriplinea\/estacion06.jpg\" alt=\"\" \/><\/p>\n<p><img decoding=\"async\" src=\"http:\/\/eltrenillo.ORG\/images\/descriplinea\/estacion07.jpg\" alt=\"\" \/><\/p>\n<p><img decoding=\"async\" src=\"http:\/\/eltrenillo.ORG\/images\/descriplinea\/estacion08.jpg\" alt=\"\" \/><\/p>\n<p><img decoding=\"async\" src=\"http:\/\/eltrenillo.ORG\/images\/descriplinea\/estacion09.jpg\" alt=\"\" \/><\/p>\n","protected":false},"excerpt":{"rendered":"<p>DESCRIPCION DE LA LINEA VALDEPE\u00d1AS-PUERTOLLANO. Agradecimientos a Pedro Pintado Quintana por los dibujos, prohibida su reproducci\u00f3n. Destaca en la misma la sencillez de sus instalaciones, donde ya ,su peculiar ancho de v\u00eda de s\u00f3lo 75cm, es un ejemplo patente. Tambi\u00e9n carec\u00eda de, dada su modesta construcci\u00f3n , carec\u00eda de se\u00f1alizaci\u00f3n mec\u00e1nica espec\u00edfica, as\u00ed como de &hellip; <a href=\"https:\/\/www.eltrenillo.com\/?page_id=547\" class=\"more-link\">Continuar leyendo<span class=\"screen-reader-text\"> \u00abDescripci\u00f3n de la l\u00ednea.\u00bb<\/span><\/a><\/p>\n","protected":false},"author":1,"featured_media":0,"parent":540,"menu_order":2,"comment_status":"closed","ping_status":"open","template":"","meta":{"footnotes":""},"class_list":["post-547","page","type-page","status-publish","hentry"],"_links":{"self":[{"href":"https:\/\/www.eltrenillo.com\/index.php?rest_route=\/wp\/v2\/pages\/547","targetHints":{"allow":["GET"]}}],"collection":[{"href":"https:\/\/www.eltrenillo.com\/index.php?rest_route=\/wp\/v2\/pages"}],"about":[{"href":"https:\/\/www.eltrenillo.com\/index.php?rest_route=\/wp\/v2\/types\/page"}],"author":[{"embeddable":true,"href":"https:\/\/www.eltrenillo.com\/index.php?rest_route=\/wp\/v2\/users\/1"}],"replies":[{"embeddable":true,"href":"https:\/\/www.eltrenillo.com\/index.php?rest_route=%2Fwp%2Fv2%2Fcomments&post=547"}],"version-history":[{"count":7,"href":"https:\/\/www.eltrenillo.com\/index.php?rest_route=\/wp\/v2\/pages\/547\/revisions"}],"predecessor-version":[{"id":1186,"href":"https:\/\/www.eltrenillo.com\/index.php?rest_route=\/wp\/v2\/pages\/547\/revisions\/1186"}],"up":[{"embeddable":true,"href":"https:\/\/www.eltrenillo.com\/index.php?rest_route=\/wp\/v2\/pages\/540"}],"wp:attachment":[{"href":"https:\/\/www.eltrenillo.com\/index.php?rest_route=%2Fwp%2Fv2%2Fmedia&parent=547"}],"curies":[{"name":"wp","href":"https:\/\/api.w.org\/{rel}","templated":true}]}}